{"id":111,"date":"2023-02-06T20:41:52","date_gmt":"2023-02-06T20:41:52","guid":{"rendered":"https:\/\/zoldoliva.hu\/?page_id=111"},"modified":"2023-07-12T08:18:46","modified_gmt":"2023-07-12T08:18:46","slug":"zold-oliva","status":"publish","type":"page","link":"https:\/\/zoldoliva.hu\/","title":{"rendered":"Z\u00f6ld Oliva"},"content":{"rendered":"<p>[et_pb_section fb_built=&#8221;1&#8243; fullwidth=&#8221;on&#8221; _builder_version=&#8221;4.19.5&#8243; _module_preset=&#8221;default&#8221; global_colors_info=&#8221;{}&#8221;][et_pb_fullwidth_header title=&#8221;Z\u00f6ld Oliva&#8221; header_fullscreen=&#8221;on&#8221; button_one_text=&#8221;R\u00f3lunk&#8221; button_one_url=&#8221;#rolunk&#8221; button_two_text=&#8221;Kapcsolat&#8221; button_two_url=&#8221;#kapcsolat&#8221; content_max_width=&#8221;38%&#8221; _builder_version=&#8221;4.19.5&#8243; _module_preset=&#8221;default&#8221; title_font=&#8221;|800|||||||&#8221; background_image=&#8221;https:\/\/zoldoliva.hu\/wp-content\/uploads\/2023\/01\/321409630_1582737898832752_7935060760660336264_n.jpg&#8221; text_shadow_style=&#8221;preset1&#8243; global_colors_info=&#8221;{}&#8221;]<\/p>\n<p class=\"has-text-align-left\">Zselici T\u00e1jv\u00e9delmi K\u00f6rzetben tal\u00e1lhat\u00f3 2 apartmanunk kedvelt sz\u00e1ll\u00e1shelye az akt\u00edv pihen\u00e9st szeret\u0151 kedves Vend\u00e9geinknek.<\/p>\n<p>[\/et_pb_fullwidth_header][\/et_pb_section][et_pb_section fb_built=&#8221;1&#8243; make_equal=&#8221;on&#8221; specialty=&#8221;on&#8221; module_id=&#8221;rolunk&#8221; _builder_version=&#8221;4.19.5&#8243; _module_preset=&#8221;default&#8221; global_colors_info=&#8221;{}&#8221;][et_pb_column type=&#8221;1_2&#8243; _builder_version=&#8221;4.16&#8243; custom_padding=&#8221;|||&#8221; global_colors_info=&#8221;{}&#8221; custom_padding__hover=&#8221;|||&#8221;][et_pb_text _builder_version=&#8221;4.19.5&#8243; _module_preset=&#8221;default&#8221; global_colors_info=&#8221;{}&#8221;]<\/p>\n<p class=\"has-text-align-left\">Az apartmanok tulajdonossal vagyis vel\u00fcnk k\u00f6z\u00f6s udvarban tal\u00e1lhat\u00f3ak.<\/p>\n<p>A sz\u00e1ll\u00e1shely \u00e1llatbar\u00e1t, j\u00f3l szocializ\u00e1lt kis\u00e1llatokat sz\u00edvesen l\u00e1tunk. Saj\u00e1t dr\u00f3tsz\u0151r\u0171 magyarvizsl\u00e1nk \u00e9s n\u00e9metjuh\u00e1sz kuty\u00e1ink mellett \u00e9l m\u00e9g itt egy Kisb\u00e9ri f\u00e9lv\u00e9r l\u00f3, ty\u00fakok, lib\u00e1k, \u00e9s egy cica.\u00a0<\/p>\n<p>Az apartmanok k\u00f6zvetlen kiindul\u00f3 helye a Zselic erdei, dimbes-dombjai \u00e1ltal k\u00edn\u00e1lt gyalog-\u00e9s ker\u00e9kp\u00e1rt\u00fara \u00fatvonalainak.<\/p>\n<p>Geocaching l\u00e1d\u00e1k a k\u00f6zelben.<\/p>\n<p>Magyar Term\u00e9szetj\u00e1r\u00f3 Sz\u00f6vets\u00e9g partners\u00e9g<\/p>\n<p>Az apartmanokt\u00f3l l\u00e9gvonalban 2 km-re tal\u00e1lhat\u00f3 Pet\u0151rke \u2013 t\u00f3 \u00e9s a kiss\u00e9 t\u00e1volabb l\u00e9v\u0151 b\u00e1nyai horg\u00e1szt\u00f3 kedvelt a pec\u00e1sok k\u00f6r\u00e9ben. Az apartmanok elhelyezked\u00e9se k\u00edv\u00e1l\u00f3an alkalmas vad\u00e1szok elsz\u00e1ll\u00e1sol\u00e1s\u00e1ra is.\u00a0<\/p>\n<p>A k\u00f6zelben akt\u00edv kikapcsol\u00f3d\u00e1st ny\u00fajt\u00f3 helyek:<\/p>\n<p>Pet\u0151rke -t\u00f3, B\u00e1nya \u2013 horg\u00e1szt\u00f3, Deseda -t\u00f3<\/p>\n<p>[\/et_pb_text][\/et_pb_column][et_pb_column type=&#8221;1_2&#8243; specialty_columns=&#8221;2&#8243; _builder_version=&#8221;4.16&#8243; custom_padding=&#8221;|||&#8221; global_colors_info=&#8221;{}&#8221; custom_padding__hover=&#8221;|||&#8221;][et_pb_row_inner use_custom_gutter=&#8221;on&#8221; make_equal=&#8221;on&#8221; _builder_version=&#8221;4.19.5&#8243; _module_preset=&#8221;default&#8221; height=&#8221;135px&#8221; global_colors_info=&#8221;{}&#8221;][et_pb_column_inner saved_specialty_column_type=&#8221;1_2&#8243; _builder_version=&#8221;4.19.5&#8243; _module_preset=&#8221;default&#8221; global_colors_info=&#8221;{}&#8221;][et_pb_code _builder_version=&#8221;4.19.5&#8243; _module_preset=&#8221;default&#8221; global_colors_info=&#8221;{}&#8221;][modula id=&#8221;141&#8243;][\/et_pb_code][\/et_pb_column_inner][\/et_pb_row_inner][\/et_pb_column][\/et_pb_section][et_pb_section fb_built=&#8221;1&#8243; _builder_version=&#8221;4.19.5&#8243; _module_preset=&#8221;default&#8221; global_colors_info=&#8221;{}&#8221;][et_pb_row _builder_version=&#8221;4.19.5&#8243; _module_preset=&#8221;default&#8221; global_colors_info=&#8221;{}&#8221;][et_pb_column type=&#8221;4_4&#8243; _builder_version=&#8221;4.19.5&#8243; _module_preset=&#8221;default&#8221; global_colors_info=&#8221;{}&#8221;][et_pb_image src=&#8221;https:\/\/zoldoliva.hu\/wp-content\/uploads\/2023\/01\/194592226_1211284362663270_1446281300837704164_n-3303-x-800-scaled.jpg&#8221; title_text=&#8221;194592226_1211284362663270_1446281300837704164_n-3303-x-800&#8243; _builder_version=&#8221;4.19.5&#8243; _module_preset=&#8221;default&#8221; global_colors_info=&#8221;{}&#8221;][\/et_pb_image][\/et_pb_column][\/et_pb_row][\/et_pb_section][et_pb_section fb_built=&#8221;1&#8243; module_id=&#8221;zoldoliva&#8221; _builder_version=&#8221;4.19.5&#8243; _module_preset=&#8221;default&#8221; global_colors_info=&#8221;{}&#8221;][et_pb_row column_structure=&#8221;2_3,1_3&#8243; _builder_version=&#8221;4.19.5&#8243; _module_preset=&#8221;default&#8221; global_colors_info=&#8221;{}&#8221;][et_pb_column type=&#8221;2_3&#8243; _builder_version=&#8221;4.19.5&#8243; _module_preset=&#8221;default&#8221; global_colors_info=&#8221;{}&#8221;][et_pb_code _builder_version=&#8221;4.19.5&#8243; _module_preset=&#8221;default&#8221; global_colors_info=&#8221;{}&#8221;][modula id=&#8221;146&#8243;][\/et_pb_code][\/et_pb_column][et_pb_column type=&#8221;1_3&#8243; _builder_version=&#8221;4.19.5&#8243; _module_preset=&#8221;default&#8221; global_colors_info=&#8221;{}&#8221;][et_pb_text _builder_version=&#8221;4.19.5&#8243; _module_preset=&#8221;default&#8221; global_colors_info=&#8221;{}&#8221;]<\/p>\n<h1>Z\u00f6ld Oliva Apartman<\/h1>\n<p><span>A r\u00e9gi lov\u00e1szlak\u00e1sb\u00f3l kialak\u00edtott apartman kertre n\u00e9z\u0151 ablakokkal \u00e9s udvarra ny\u00edl\u00f3 bej\u00e1rati ajt\u00f3val. A vil\u00e1gos nappali, felszerelt konyha, francia\u00e1gyas h\u00e1l\u00f3szoba \u00e9s egy zuhanyoz\u00f3s f\u00fcrd\u0151szoba \u00e1ll maximum 4 f\u0151 rendelkez\u00e9s\u00e9re.<\/span><\/p>\n<p>[\/et_pb_text][\/et_pb_column][\/et_pb_row][\/et_pb_section][et_pb_section fb_built=&#8221;1&#8243; module_id=&#8221;olivaverde&#8221; _builder_version=&#8221;4.19.5&#8243; _module_preset=&#8221;default&#8221; hover_enabled=&#8221;0&#8243; global_colors_info=&#8221;{}&#8221; sticky_enabled=&#8221;0&#8243;][et_pb_row column_structure=&#8221;1_4,3_4&#8243; _builder_version=&#8221;4.19.5&#8243; _module_preset=&#8221;default&#8221; global_colors_info=&#8221;{}&#8221;][et_pb_column type=&#8221;1_4&#8243; _builder_version=&#8221;4.19.5&#8243; _module_preset=&#8221;default&#8221; global_colors_info=&#8221;{}&#8221;][et_pb_text _builder_version=&#8221;4.19.5&#8243; _module_preset=&#8221;default&#8221; global_colors_info=&#8221;{}&#8221;]<\/p>\n<h1 class=\"entry-title main_title\">Oliva Verde Apartman<\/h1>\n<p><span>6 f\u0151 befogad\u00e1s\u00e1ra alkalmas apartmanban t\u00e1gas nappali, abb\u00f3l ny\u00edl\u00f3 konyha , f\u00fcrd\u0151szoba \u00e9s tet\u0151t\u00e9rben kialak\u00edtott h\u00e1l\u00f3t\u00e9r ny\u00fajt k\u00e9nyelmet.<\/span><\/p>\n<p>[\/et_pb_text][\/et_pb_column][et_pb_column type=&#8221;3_4&#8243; _builder_version=&#8221;4.19.5&#8243; _module_preset=&#8221;default&#8221; global_colors_info=&#8221;{}&#8221;][et_pb_code _builder_version=&#8221;4.19.5&#8243; _module_preset=&#8221;default&#8221; global_colors_info=&#8221;{}&#8221;][modula id=&#8221;154&#8243;][\/et_pb_code][\/et_pb_column][\/et_pb_row][\/et_pb_section][et_pb_section fb_built=&#8221;1&#8243; module_id=&#8221;helyszin&#8221; _builder_version=&#8221;4.19.5&#8243; _module_preset=&#8221;default&#8221; hover_enabled=&#8221;0&#8243; global_colors_info=&#8221;{}&#8221; sticky_enabled=&#8221;0&#8243;][et_pb_row column_structure=&#8221;2_3,1_3&#8243; _builder_version=&#8221;4.19.5&#8243; _module_preset=&#8221;default&#8221; hover_enabled=&#8221;0&#8243; global_colors_info=&#8221;{}&#8221; module_id=&#8221;zolderdo&#8221; sticky_enabled=&#8221;0&#8243;][et_pb_column type=&#8221;2_3&#8243; _builder_version=&#8221;4.19.5&#8243; _module_preset=&#8221;default&#8221; global_colors_info=&#8221;{}&#8221;][et_pb_code _builder_version=&#8221;4.19.5&#8243; _module_preset=&#8221;default&#8221; hover_enabled=&#8221;0&#8243; global_colors_info=&#8221;{}&#8221; sticky_enabled=&#8221;0&#8243;][modula id=&#8221;209&#8243;][\/et_pb_code][\/et_pb_column][et_pb_column type=&#8221;1_3&#8243; _builder_version=&#8221;4.19.5&#8243; _module_preset=&#8221;default&#8221; global_colors_info=&#8221;{}&#8221;][et_pb_text _builder_version=&#8221;4.19.5&#8243; _module_preset=&#8221;default&#8221; hover_enabled=&#8221;0&#8243; global_colors_info=&#8221;{}&#8221; sticky_enabled=&#8221;0&#8243; admin_label=&#8221;Text&#8221;]<\/p>\n<h1>Z\u00f6ld Erd\u0151<\/h1>\n<p><span>A ter\u00fclet term\u00e9szetes adotts\u00e1gai kiv\u00e1l\u00f3 lehet\u0151s\u00e9get ny\u00fajtanak a airsoft szerelmeseinek. Erd\u0151s, boz\u00f3tos, dimbes-dombos, kb 3000m2 ter\u00fclet 2 r\u00e9gi \u00e9p\u00fclettel. T\u00f6bb napos programra is alkalmas, csapat\u00e9p\u00edt\u00e9s, bar\u00e1ti t\u00e1rsas\u00e1gok sz\u00e1m\u00e1ra. F\u0151z\u00e9si lehet\u0151s\u00e9g, sz\u00e1ll\u00e1s a ter\u00fcleten l\u00e9v\u0151 jurt\u00e1ban vagy a j\u00f3l felszerelt, l\u00e9gkondicion\u00e1l\u00f3s apartmanjainkban, a 4 f\u0151s Z\u00f6ld Oliva \u00e9s 6 f\u0151s Oliva Verde apartmanokban lehets\u00e9ges ami l\u00e9gvonalban gyalogosan 800 m, aut\u00f3val 5 km t\u00e1vols\u00e1gban tal\u00e1lhat\u00f3. Sz\u00e1ll\u00e1saink ig\u00e9nybev\u00e9tel\u00e9vel a ter\u00fclet id\u0151korl\u00e1t n\u00e9lk\u00fcl haszn\u00e1lhat\u00f3 saj\u00e1t felel\u0151ss\u00e9gre, a szoba\u00e9jszaka sz\u00e1m\u00e1nak megfelel\u0151 m\u00e9rt\u00e9kben, vagyis \u00e9rkez\u00e9si napon 14.00- t\u00f3l t\u00e1voz\u00e1s nap 10.00-ig behat\u00e1rolva. Saj\u00e1t felszerel\u00e9s, \u00f6lt\u00f6zet, v\u00e9d\u0151felszerel\u00e9s sz\u00fcks\u00e9ges. <em>Felh\u00edvjuk a figyelmet,hogy egyik helysz\u00edn sem bulihelysz\u00edn.<\/em><\/span><\/p>\n<p>[\/et_pb_text][\/et_pb_column][\/et_pb_row][\/et_pb_section][et_pb_section fb_built=&#8221;1&#8243; module_id=&#8221;kapcsolat&#8221; _builder_version=&#8221;4.19.5&#8243; _module_preset=&#8221;default&#8221; hover_enabled=&#8221;0&#8243; global_colors_info=&#8221;{}&#8221; sticky_enabled=&#8221;0&#8243;][et_pb_row _builder_version=&#8221;4.19.5&#8243; _module_preset=&#8221;default&#8221; global_colors_info=&#8221;{}&#8221;][et_pb_column type=&#8221;4_4&#8243; _builder_version=&#8221;4.19.5&#8243; _module_preset=&#8221;default&#8221; global_colors_info=&#8221;{}&#8221;][et_pb_text _builder_version=&#8221;4.19.5&#8243; _module_preset=&#8221;default&#8221; global_colors_info=&#8221;{}&#8221;]<\/p>\n<h1>Kapcsolat<\/h1>\n<p>[\/et_pb_text][\/et_pb_column][\/et_pb_row][et_pb_row column_structure=&#8221;1_2,1_2&#8243; _builder_version=&#8221;4.19.5&#8243; _module_preset=&#8221;default&#8221; global_colors_info=&#8221;{}&#8221;][et_pb_column type=&#8221;1_2&#8243; _builder_version=&#8221;4.19.5&#8243; _module_preset=&#8221;default&#8221; global_colors_info=&#8221;{}&#8221;][wpforms_selector form_id=&#8221;181&#8243; show_title=&#8221;off&#8221; show_desc=&#8221;off&#8221; admin_label=&#8221;WPForms&#8221; _builder_version=&#8221;4.19.5&#8243; _module_preset=&#8221;default&#8221; global_colors_info=&#8221;{}&#8221;][\/wpforms_selector][\/et_pb_column][et_pb_column type=&#8221;1_2&#8243; _builder_version=&#8221;4.19.5&#8243; _module_preset=&#8221;default&#8221; global_colors_info=&#8221;{}&#8221;][et_pb_code module_id=&#8221;map&#8221; _builder_version=&#8221;4.19.5&#8243; _module_preset=&#8221;default&#8221; hover_enabled=&#8221;0&#8243; global_colors_info=&#8221;{}&#8221; sticky_enabled=&#8221;0&#8243;]<div class=\"leaflet-map WPLeafletMap\" style=\"height:600px; width:100%;\"><\/div><script>\nwindow.WPLeafletMapPlugin = window.WPLeafletMapPlugin || [];\nwindow.WPLeafletMapPlugin.push(function WPLeafletMapShortcode() {\/*<script>*\/\nvar baseUrl = atob('aHR0cHM6Ly97c30udGlsZS5vcGVuc3RyZWV0bWFwLm9yZy97en0ve3h9L3t5fS5wbmc=');\nvar base = (!baseUrl && window.MQ) ?\n    window.MQ.mapLayer() : L.tileLayer(baseUrl,\n        L.Util.extend({}, {\n            detectRetina: 0,\n        },\n        {\"subdomains\":\"abc\",\"noWrap\":false,\"maxZoom\":19}        )\n    );\n    var options = L.Util.extend({}, {\n        layers: [base],\n        attributionControl: false\n    },\n    {\"zoomControl\":false,\"scrollWheelZoom\":true,\"doubleClickZoom\":false,\"fitBounds\":false,\"minZoom\":0,\"maxZoom\":19,\"maxBounds\":null,\"attribution\":\"<a href=\\\"http:\\\/\\\/leafletjs.com\\\" title=\\\"A JS library for interactive maps\\\">Leaflet<\\\/a>; \\u00a9 <a href=\\\"http:\\\/\\\/www.openstreetmap.org\\\/copyright\\\">OpenStreetMap<\\\/a> contributors\"},\n    {});\nwindow.WPLeafletMapPlugin.createMap(options).setView([46.317451574109,17.677799409542],12);});<\/script><!-- [et_pb_line_break_holder] --><script>\nwindow.WPLeafletMapPlugin = window.WPLeafletMapPlugin || [];\nwindow.WPLeafletMapPlugin.push(function WPLeafletMarkerShortcode() {\/*<script>*\/\nvar map = window.WPLeafletMapPlugin.getCurrentMap();\nvar group = window.WPLeafletMapPlugin.getCurrentGroup();\nvar marker_options = window.WPLeafletMapPlugin.getIconOptions({\"svg\":true,\"background\":\"#777\",\"iconClass\":\"dashicons dashicons-admin-home\",\"color\":\"gold\"});\nvar marker = new L.SVGMarker(\n    [0,0],\n    marker_options\n);\nvar is_image = map.is_image_map;\n    marker.setLatLng( map.getCenter() );\nif (marker_options.draggable) {\n    marker.on('dragend', function () {\n        var latlng = this.getLatLng();\n        var lat = latlng.lat;\n        var lng = latlng.lng;\n        if (is_image) {\n            console.log('leaflet-marker y=' + lat + ' x=' + lng);\n        } else {\n            console.log('leaflet-marker lat=' + lat + ' lng=' + lng);\n        }\n    });\n}\nmarker.addTo( group );\nmarker.bindPopup(window.WPLeafletMapPlugin.unescape('Z\u00f6ld Oliva &lt;!-- &amp;#91;et_pb_line_break_holder&amp;#93; --&gt;7478 B\u00e1rdudvarnok, Olajhegy ltp 17. '));window.WPLeafletMapPlugin.markers.push( marker );\n        });<\/script>[\/et_pb_code][\/et_pb_column][\/et_pb_row][\/et_pb_section]<\/p>\n","protected":false},"excerpt":{"rendered":"<p>Zselici T\u00e1jv\u00e9delmi K\u00f6rzetben tal\u00e1lhat\u00f3 2 apartmanunk kedvelt sz\u00e1ll\u00e1shelye az akt\u00edv pihen\u00e9st szeret\u0151 kedves Vend\u00e9geinknek.Az apartmanok tulajdonossal vagyis vel\u00fcnk k\u00f6z\u00f6s udvarban tal\u00e1lhat\u00f3ak. A sz\u00e1ll\u00e1shely \u00e1llatbar\u00e1t, j\u00f3l szocializ\u00e1lt kis\u00e1llatokat sz\u00edvesen l\u00e1tunk. Saj\u00e1t dr\u00f3tsz\u0151r\u0171 magyarvizsl\u00e1nk \u00e9s n\u00e9metjuh\u00e1sz kuty\u00e1ink mellett \u00e9l m\u00e9g itt egy Kisb\u00e9ri f\u00e9lv\u00e9r l\u00f3, ty\u00fakok, lib\u00e1k, \u00e9s egy cica.\u00a0 Az apartmanok k\u00f6zvetlen kiindul\u00f3 helye a Zselic [&hellip;]<\/p>\n","protected":false},"author":1,"featured_media":0,"parent":0,"menu_order":0,"comment_status":"closed","ping_status":"closed","template":"","meta":{"_et_pb_use_builder":"on","_et_pb_old_content":"<!-- wp:paragraph -->\n<p><\/p>\n<!-- \/wp:paragraph -->\n\n<!-- wp:image -->\n<figure class=\"wp-block-image\"><img alt=\"\"\/><\/figure>\n<!-- \/wp:image -->","_et_gb_content_width":"","footnotes":""},"class_list":["post-111","page","type-page","status-publish","hentry"],"_links":{"self":[{"href":"https:\/\/zoldoliva.hu\/index.php?rest_route=\/wp\/v2\/pages\/111","targetHints":{"allow":["GET"]}}],"collection":[{"href":"https:\/\/zoldoliva.hu\/index.php?rest_route=\/wp\/v2\/pages"}],"about":[{"href":"https:\/\/zoldoliva.hu\/index.php?rest_route=\/wp\/v2\/types\/page"}],"author":[{"embeddable":true,"href":"https:\/\/zoldoliva.hu\/index.php?rest_route=\/wp\/v2\/users\/1"}],"replies":[{"embeddable":true,"href":"https:\/\/zoldoliva.hu\/index.php?rest_route=%2Fwp%2Fv2%2Fcomments&post=111"}],"version-history":[{"count":48,"href":"https:\/\/zoldoliva.hu\/index.php?rest_route=\/wp\/v2\/pages\/111\/revisions"}],"predecessor-version":[{"id":216,"href":"https:\/\/zoldoliva.hu\/index.php?rest_route=\/wp\/v2\/pages\/111\/revisions\/216"}],"wp:attachment":[{"href":"https:\/\/zoldoliva.hu\/index.php?rest_route=%2Fwp%2Fv2%2Fmedia&parent=111"}],"curies":[{"name":"wp","href":"https:\/\/api.w.org\/{rel}","templated":true}]}}